{"id":88,"date":"2020-08-27T07:00:00","date_gmt":"2020-08-27T11:00:00","guid":{"rendered":"https:\/\/projets.ex-situ.info\/fabrique20\/?page_id=88"},"modified":"2020-09-20T20:13:25","modified_gmt":"2020-09-21T00:13:25","slug":"t1-fiche-de-lecture-art-ctpr","status":"publish","type":"page","link":"https:\/\/projets.ex-situ.info\/fabrique20\/theme-1\/t1-fiche-de-lecture-art-ctpr\/","title":{"rendered":"Fiche de lecture \u2013 Art contemporain du Qu\u00e9bec (MNBAQ)"},"content":{"rendered":"\n<figure class=\"wp-block-pullquote\"><blockquote><p>Cet ouvrage accompagne la collection d\u2019art contemporain du Mus\u00e9e national des beaux-arts du Qu\u00e9bec, constitu\u00e9e de plus de 9000 \u0153uvres d\u2019artistes ayant marqu\u00e9 cette p\u00e9riode. On y retrouve un essai sur l\u2019\u00e9volution de l\u2019art contemporain au Qu\u00e9bec des ann\u00e9es 1960 \u00e0 aujourd\u2019hui, ainsi qu\u2019une s\u00e9rie de notices sur les \u0153uvres phares de la collection.<\/p><cite>descriptif, Apple Bookstore<\/cite><\/blockquote><\/figure>\n\n\n\n<div class=\"wp-block-columns is-layout-flex wp-container-core-columns-is-layout-28f84493 wp-block-columns-is-layout-flex\">\n<div class=\"wp-block-column is-layout-flow wp-block-column-is-layout-flow\" style=\"flex-basis:66.66%\">\n<figure class=\"wp-block-image size-large\"><img loading=\"lazy\" decoding=\"async\" width=\"1000\" height=\"749\" src=\"https:\/\/projets.ex-situ.info\/fabrique20\/wp-content\/uploads\/sites\/2\/2020\/08\/Art-contemporain1.png\" alt=\"couverture Art contemporain au Qu\u00e9bec\" class=\"wp-image-89\" srcset=\"https:\/\/projets.ex-situ.info\/fabrique20\/wp-content\/uploads\/sites\/2\/2020\/08\/Art-contemporain1.png 1000w, https:\/\/projets.ex-situ.info\/fabrique20\/wp-content\/uploads\/sites\/2\/2020\/08\/Art-contemporain1-300x225.png 300w, https:\/\/projets.ex-situ.info\/fabrique20\/wp-content\/uploads\/sites\/2\/2020\/08\/Art-contemporain1-768x575.png 768w\" sizes=\"auto, (max-width: 1000px) 100vw, 1000px\" \/><\/figure>\n\n\n\n<p><a href=\"https:\/\/projets.ex-situ.info\/fabrique20\/wp-content\/uploads\/sites\/2\/2020\/08\/Art-contemporain2.png\" target=\"_blank\" rel=\"noopener noreferrer\"><img loading=\"lazy\" decoding=\"async\" width=\"1516\" height=\"1148\" class=\"wp-image-92\" style=\"float:right; margin-left:0.7em; margin-bottom:0.7em; width: 25%; border-style:solid; border-width:1px\" src=\"https:\/\/projets.ex-situ.info\/fabrique20\/wp-content\/uploads\/sites\/2\/2020\/08\/Art-contemporain2.png\" alt=\"introduction Art contemporain du Qu\u00e9bec\" srcset=\"https:\/\/projets.ex-situ.info\/fabrique20\/wp-content\/uploads\/sites\/2\/2020\/08\/Art-contemporain2.png 1516w, https:\/\/projets.ex-situ.info\/fabrique20\/wp-content\/uploads\/sites\/2\/2020\/08\/Art-contemporain2-300x227.png 300w, https:\/\/projets.ex-situ.info\/fabrique20\/wp-content\/uploads\/sites\/2\/2020\/08\/Art-contemporain2-1024x775.png 1024w, https:\/\/projets.ex-situ.info\/fabrique20\/wp-content\/uploads\/sites\/2\/2020\/08\/Art-contemporain2-768x582.png 768w\" sizes=\"auto, (max-width: 1516px) 100vw, 1516px\" \/><\/a>En 2016 a \u00e9t\u00e9 inaugur\u00e9e l\u2019exposition \u00ab&nbsp;De Ferron \u00e0 BGL. Art contemporain au Qu\u00e9bec&nbsp;\u00bb au Mus\u00e9e national des beaux-arts de Qu\u00e9bec. Puisant dans l\u2019importante collection d\u2019art contemporain du mus\u00e9e, cette exposition pr\u00e9sente 80 \u0153uvres cr\u00e9\u00e9es par des artistes marquants du Qu\u00e9bec, entre 1960 et aujourd\u2019hui. Un <a href=\"http:\/\/dimedia.com\/ftB0013437--fiche-descriptive.html\">catalogue papier<\/a> a \u00e9t\u00e9 publi\u00e9 pour l\u2019occasion, de m\u00eame qu\u2019une webs\u00e9rie de vid\u00e9os, \u00ab&nbsp;<a href=\"https:\/\/www.youtube.com\/playlist?list=PL-krEosRvUOiFUQW1Sk2CSa__jukMDfW2\">Un artiste, une \u0153uvre&nbsp;<\/a>\u00bb pr\u00e9sentant l\u2019\u0153uvre d\u2019une trentaine d\u2019artistes. Une version num\u00e9rique du catalogue est pr\u00e9par\u00e9e et lanc\u00e9e en 2018, rassemblant les notices pr\u00e9sentant les artistes et leur \u0153uvre, apr\u00e8s un essai sur l\u2019\u00e9volution de l\u2019art contemporain au Qu\u00e9bec. Plusieurs photos sont int\u00e9gr\u00e9es pour chaque artiste et seize vid\u00e9os de la webs\u00e9rie accompagnent les notices.<\/p>\n\n\n\n<p><a href=\"https:\/\/projets.ex-situ.info\/fabrique20\/wp-content\/uploads\/sites\/2\/2020\/08\/Art-contemporain3.png\" target=\"_blank\" rel=\"noopener noreferrer\"><img loading=\"lazy\" decoding=\"async\" width=\"1000\" height=\"756\" class=\"wp-image-90\" style=\"float:right; margin-left:0.7em; margin-bottom:0.7em; width: 25%; border-style:solid; border-width:1px\" src=\"https:\/\/projets.ex-situ.info\/fabrique20\/wp-content\/uploads\/sites\/2\/2020\/08\/Art-contemporain3.png\" alt=\"page Art contemporain du Qu\u00e9bec\" srcset=\"https:\/\/projets.ex-situ.info\/fabrique20\/wp-content\/uploads\/sites\/2\/2020\/08\/Art-contemporain3.png 1000w, https:\/\/projets.ex-situ.info\/fabrique20\/wp-content\/uploads\/sites\/2\/2020\/08\/Art-contemporain3-300x227.png 300w, https:\/\/projets.ex-situ.info\/fabrique20\/wp-content\/uploads\/sites\/2\/2020\/08\/Art-contemporain3-768x581.png 768w\" sizes=\"auto, (max-width: 1000px) 100vw, 1000px\" \/><\/a>L\u2019ouvrage num\u00e9rique, en vente au prix de 9,99$, est un costaud fichier epub (en raison des nombreuses photographies et des vid\u00e9os) \u00e0 t\u00e9l\u00e9charger sur son appareil. Recourant \u00e0 la technique du <em>fixed-layout<\/em>, ce epub pr\u00e9sente une mise en page stable&nbsp;; le changement de taille de police n\u2019entra\u00eene pas la recomposition graphique des pav\u00e9s de texte mais agit plut\u00f4t comme un zoom dans un fichier pdf. L\u2019avantage est une qualit\u00e9 de rendu assur\u00e9e, chaque artiste ayant une page qui lui est consacr\u00e9e. Le texte se parcourt dans une colonne, \u00e0 gauche, qui poss\u00e8de un ascenseur pour y avoir acc\u00e8s en entier. Les photographies s\u2019affichent \u00e0 la taille de la fen\u00eatre sur demande, pour une meilleure consultation. L\u2019ouvrage a \u00e9t\u00e9 \u00e9dit\u00e9 par le MNBAQ, sa maquette graphique a \u00e9t\u00e9 con\u00e7ue par Feed et son adaptation num\u00e9rique a \u00e9t\u00e9 r\u00e9alis\u00e9e par Studio C1C4.<\/p>\n\n\n\n<p><a href=\"https:\/\/projets.ex-situ.info\/fabrique20\/wp-content\/uploads\/sites\/2\/2020\/08\/Art-contemporain4.png\" target=\"_blank\" rel=\"noopener noreferrer\"><img loading=\"lazy\" decoding=\"async\" width=\"1515\" height=\"1134\" class=\"wp-image-97\" style=\"float:right; margin-left:0.7em; margin-bottom:0.7em; width: 25%; border-style:solid; border-width:1px\" src=\"https:\/\/projets.ex-situ.info\/fabrique20\/wp-content\/uploads\/sites\/2\/2020\/08\/Art-contemporain4.png\" alt=\"vid\u00e9o embarqu\u00e9e Art contemporain du Qu\u00e9bec\" srcset=\"https:\/\/projets.ex-situ.info\/fabrique20\/wp-content\/uploads\/sites\/2\/2020\/08\/Art-contemporain4.png 1515w, https:\/\/projets.ex-situ.info\/fabrique20\/wp-content\/uploads\/sites\/2\/2020\/08\/Art-contemporain4-300x225.png 300w, https:\/\/projets.ex-situ.info\/fabrique20\/wp-content\/uploads\/sites\/2\/2020\/08\/Art-contemporain4-1024x766.png 1024w, https:\/\/projets.ex-situ.info\/fabrique20\/wp-content\/uploads\/sites\/2\/2020\/08\/Art-contemporain4-768x575.png 768w\" sizes=\"auto, (max-width: 1515px) 100vw, 1515px\" \/><\/a>Voir aussi <em>Arts d\u00e9coratifs et design du Qu\u00e9bec<\/em> (Paul Bourassa) et <em>Art inuit. La collection Brousseau<\/em> (Heather Igloliorte), parus simultan\u00e9ment&nbsp;; les trois ouvrages ont \u00e9galement \u00e9t\u00e9 publi\u00e9s en anglais.<\/p>\n<\/div>\n\n\n\n<div class=\"wp-block-column is-layout-flow wp-block-column-is-layout-flow\" style=\"flex-basis:33.33%\">\n<p><strong>Fiche descriptive<\/strong><\/p>\n\n\n\n<p>Titre&nbsp;: <em>Art contemporain du Qu\u00e9bec<\/em><br>Autrices&nbsp;: \u00c8ve-Lyne Beaudry et Marie Fraser<br>\u00c9diteur&nbsp;: Mus\u00e9e national des beaux-arts du Qu\u00e9bec<br>Date de parution&nbsp;: 2018<br>Pays de publication&nbsp;: Canada<br>Lien vers des sites transactionnels&nbsp;: <a href=\"https:\/\/books.apple.com\/ca\/book\/art-contemporain-du-qu%C3%A9bec\/id1366250468?l=fr\">https:\/\/books.apple.com\/ca\/book\/art-contemporain-du-qu%C3%A9bec\/id1366250468?l=fr<\/a> ou <a href=\"https:\/\/www.leslibraires.ca\/livres\/art-contemporain-du-quebec-eve-lyne-beaudry-9782551258598.html\">https:\/\/www.leslibraires.ca\/livres\/art-contemporain-du-quebec-eve-lyne-beaudry-9782551258598.html<\/a><br>Taille : 69 pages, 702 Mo<\/p>\n\n\n\n<p>Type d\u2019\u0153uvre&nbsp;: Catalogue de collection d\u2019art, ouvrage de r\u00e9f\u00e9rence<br>Support num\u00e9rique utilis\u00e9&nbsp;: format epub, fixed-layout, enrichissement par des images et des vid\u00e9os<\/p>\n\n\n\n<p><em><sup>Fiche cr\u00e9\u00e9e par Ren\u00e9 Audet<\/sup><\/em><\/p>\n<\/div>\n<\/div>\n","protected":false},"excerpt":{"rendered":"<p>Cet ouvrage accompagne la collection d\u2019art contemporain du Mus\u00e9e national des beaux-arts du Qu\u00e9bec, constitu\u00e9e de plus de 9000 \u0153uvres d\u2019artistes ayant marqu\u00e9 cette p\u00e9riode. On y retrouve un essai sur l\u2019\u00e9volution de l\u2019art contemporain au Qu\u00e9bec des ann\u00e9es 1960 \u00e0 aujourd\u2019hui, ainsi qu\u2019une s\u00e9rie de notices sur les \u0153uvres phares de la collection. descriptif, &#8230; <a title=\"Fiche de lecture \u2013 Art contemporain du Qu\u00e9bec (MNBAQ)\" class=\"read-more\" href=\"https:\/\/projets.ex-situ.info\/fabrique20\/theme-1\/t1-fiche-de-lecture-art-ctpr\/\" aria-label=\"En savoir plus sur Fiche de lecture \u2013 Art contemporain du Qu\u00e9bec (MNBAQ)\">Lire la suite<\/a><\/p>\n","protected":false},"author":2,"featured_media":0,"parent":13,"menu_order":5,"comment_status":"closed","ping_status":"closed","template":"","meta":{"footnotes":""},"class_list":["post-88","page","type-page","status-publish"],"_links":{"self":[{"href":"https:\/\/projets.ex-situ.info\/fabrique20\/wp-json\/wp\/v2\/pages\/88","targetHints":{"allow":["GET"]}}],"collection":[{"href":"https:\/\/projets.ex-situ.info\/fabrique20\/wp-json\/wp\/v2\/pages"}],"about":[{"href":"https:\/\/projets.ex-situ.info\/fabrique20\/wp-json\/wp\/v2\/types\/page"}],"author":[{"embeddable":true,"href":"https:\/\/projets.ex-situ.info\/fabrique20\/wp-json\/wp\/v2\/users\/2"}],"replies":[{"embeddable":true,"href":"https:\/\/projets.ex-situ.info\/fabrique20\/wp-json\/wp\/v2\/comments?post=88"}],"version-history":[{"count":10,"href":"https:\/\/projets.ex-situ.info\/fabrique20\/wp-json\/wp\/v2\/pages\/88\/revisions"}],"predecessor-version":[{"id":274,"href":"https:\/\/projets.ex-situ.info\/fabrique20\/wp-json\/wp\/v2\/pages\/88\/revisions\/274"}],"up":[{"embeddable":true,"href":"https:\/\/projets.ex-situ.info\/fabrique20\/wp-json\/wp\/v2\/pages\/13"}],"wp:attachment":[{"href":"https:\/\/projets.ex-situ.info\/fabrique20\/wp-json\/wp\/v2\/media?parent=88"}],"curies":[{"name":"wp","href":"https:\/\/api.w.org\/{rel}","templated":true}]}}