{"id":2,"date":"2024-02-22T18:50:19","date_gmt":"2024-02-22T17:50:19","guid":{"rendered":"https:\/\/projets.ex-situ.info\/etudesdulivre24\/?page_id=2"},"modified":"2024-03-21T13:49:23","modified_gmt":"2024-03-21T12:49:23","slug":"page-d-exemple","status":"publish","type":"page","link":"https:\/\/projets.ex-situ.info\/etudesdulivre24\/","title":{"rendered":"Accueil"},"content":{"rendered":"<div class=\"wp-block-image\">\n<figure class=\"alignright size-full is-resized\"><img loading=\"lazy\" decoding=\"async\" width=\"512\" height=\"512\" src=\"https:\/\/projets.ex-situ.info\/etudesdulivre24\/wp-content\/uploads\/sites\/13\/2024\/02\/cropped-cropped-logo.png\" alt=\"\" class=\"wp-image-5\" style=\"width:206px;height:auto\" srcset=\"https:\/\/projets.ex-situ.info\/etudesdulivre24\/wp-content\/uploads\/sites\/13\/2024\/02\/cropped-cropped-logo.png 512w, https:\/\/projets.ex-situ.info\/etudesdulivre24\/wp-content\/uploads\/sites\/13\/2024\/02\/cropped-cropped-logo-300x300.png 300w, https:\/\/projets.ex-situ.info\/etudesdulivre24\/wp-content\/uploads\/sites\/13\/2024\/02\/cropped-cropped-logo-150x150.png 150w, https:\/\/projets.ex-situ.info\/etudesdulivre24\/wp-content\/uploads\/sites\/13\/2024\/02\/cropped-cropped-logo-270x270.png 270w, https:\/\/projets.ex-situ.info\/etudesdulivre24\/wp-content\/uploads\/sites\/13\/2024\/02\/cropped-cropped-logo-192x192.png 192w, https:\/\/projets.ex-situ.info\/etudesdulivre24\/wp-content\/uploads\/sites\/13\/2024\/02\/cropped-cropped-logo-180x180.png 180w, https:\/\/projets.ex-situ.info\/etudesdulivre24\/wp-content\/uploads\/sites\/13\/2024\/02\/cropped-cropped-logo-32x32.png 32w\" sizes=\"auto, (max-width: 512px) 100vw, 512px\" \/><\/figure>\n<\/div>\n\n\n<h2 class=\"wp-block-heading\">Un colloque pour les jeunes chercheur\u00b7e\u00b7s<\/h2>\n\n\n\n<p>R\u00e9it\u00e9rant une formule men\u00e9e enti\u00e8rement \u00e0 distance pour rassembler diff\u00e9rents secteurs de recherche investis par de jeunes chercheur\u00b7ses, la deuxi\u00e8me \u00e9dition de la manifestation scientifique \u00ab&nbsp;\u00c9tudes du livre au XXI<sup>e<\/sup>&nbsp;si\u00e8cle \u00bb vise \u00e0 mettre en valeur les chantiers de recherche en cours et \u00e0 mettre en lien les jeunes chercheur\u22c5e\u22c5s d\u2019un domaine scientifique qui se dessine \u00e0 l\u2019intersection de la litt\u00e9rature contemporaine, de l\u2019histoire du livre et de l\u2019\u00e9dition, de la culture m\u00e9diatique et des arts visuels.<\/p>\n\n\n\n<p>Le site de l\u2019\u00e9v\u00e9nement rend disponibles, \u00e0 partir du jeudi 7 mars 2024 et de fa\u00e7on p\u00e9riodique, les contributions des participant\u22c5e\u22c5s au colloque. Une discussion ouverte suit chacune d\u2019elles, pour conduire \u00e0 un \u00e9v\u00e9nement-synth\u00e8se qui se tiendra \u00e0 la fin du mois de mars 2024.<\/p>\n\n\n\n<p>Pour plus d&rsquo;information, consultez le texte de pr\u00e9sentation plus bas et la page <a href=\"https:\/\/projets.ex-situ.info\/etudesdulivre24\/a-propos-du-colloque-etudes-du-livre-au-xxie-siecle\/\" data-type=\"page\" data-id=\"24\">\u00c0 propos<\/a>.<\/p>\n\n\n\n<hr class=\"wp-block-separator has-alpha-channel-opacity\" \/>\n\n\n\n<h3 class=\"wp-block-heading\"><strong>Programme<\/strong><\/h3>\n\n\n\n<h5 class=\"wp-block-heading\"><strong>Premi\u00e8re livraison (7 mars)<\/strong><br><strong>R\u00e9investissements mat\u00e9riels<\/strong><\/h5>\n\n\n\n<p>Margaux Coquelle-Ro\u00ebhm, Universit\u00e9 de Poitiers<br><a href=\"https:\/\/projets.ex-situ.info\/etudesdulivre24\/livraison1\/liv1-mcoquelleroehm\/\" data-type=\"link\" data-id=\"https:\/\/projets.ex-situ.info\/etudesdulivre24\/livraison1\/liv1-mcoquelleroehm\/\">\u00ab Le livre imprim\u00e9 polychrome : nouveaux regards sur la po\u00e9tique du support et l\u2019\u00e9nonciation \u00e9ditoriale \u00bb<\/a><\/p>\n\n\n\n<p>I\u00f1aki Ponce Nazabal, Universit\u00e9 Sorbonne Paris Nord<br><a href=\"https:\/\/projets.ex-situ.info\/etudesdulivre24\/livraison1\/liv1-iponcenazabal\/\" data-type=\"link\" data-id=\"https:\/\/projets.ex-situ.info\/etudesdulivre24\/livraison1\/liv1-iponcenazabal\/\">\u00ab Num\u00e9risation de la fili\u00e8re du livre et pratiques artisanales du roman-photo \u00bb<\/a><\/p>\n\n\n\n<p>Chiara Zampieri, Universit\u00e9 de Louvain<br><a href=\"https:\/\/projets.ex-situ.info\/etudesdulivre24\/livraison1\/liv1-czampieri\/\" data-type=\"link\" data-id=\"https:\/\/projets.ex-situ.info\/etudesdulivre24\/livraison1\/liv1-czampieri\/\">\u00ab Mus\u00e9o-litt\u00e9rature ou le livre comme dispositif mus\u00e9al \u00bb<\/a><\/p>\n\n\n\n<h5 class=\"wp-block-heading\"><strong>Deuxi\u00e8me livraison (14 mars)<\/strong><br><strong>M\u00e9diations \u00e9ditoriales<\/strong><\/h5>\n\n\n\n<p>Victor Krywicki, Universit\u00e9 de Li\u00e8ge<br><a href=\"https:\/\/projets.ex-situ.info\/etudesdulivre24\/livraison2\/liv2-vkrywicki\/\" data-type=\"link\" data-id=\"https:\/\/projets.ex-situ.info\/etudesdulivre24\/livraison2\/liv2-vkrywicki\/\">\u00ab Le best-seller pour adolescent des ann\u00e9es 2010 \u00e0 nos jours. \u00c9l\u00e9ments d\u2019analyse et de m\u00e9thodologie \u00bb<\/a><\/p>\n\n\n\n<p>Natacha Pinsonneault, Universit\u00e9 du Qu\u00e9bec \u00e0 Trois-Rivi\u00e8res<br><a href=\"https:\/\/projets.ex-situ.info\/etudesdulivre24\/livraison2\/liv2-npinsonneault\/\" data-type=\"link\" data-id=\"https:\/\/projets.ex-situ.info\/etudesdulivre24\/livraison2\/liv2-npinsonneault\/\">\u00ab Les maisons d\u2019\u00e9dition qu\u00e9b\u00e9coises et leur relation avec la diversit\u00e9 en litt\u00e9rature jeunesse \u00bb<\/a><\/p>\n\n\n\n<p>Lolita Duchatel, Universit\u00e9 Paris 1 Panth\u00e9on Sorbonne<br><a href=\"https:\/\/projets.ex-situ.info\/etudesdulivre24\/livraison2\/liv2-lduchatel\/\" data-type=\"link\" data-id=\"https:\/\/projets.ex-situ.info\/etudesdulivre24\/livraison2\/liv2-lduchatel\/\">\u00ab Quand l\u2019acte de lecture devient une pratique d\u2019\u00e9criture et l\u2019acte de critique une pratique de lecture. Enjeux des discours d\u2019amateurs sur leurs lectures via #bookstagramfr \u00bb<\/a><\/p>\n\n\n\n<h5 class=\"wp-block-heading\"><strong>Troisi\u00e8me livraison (21 mars)<\/strong><br><strong>Modulations num\u00e9riques<\/strong><\/h5>\n\n\n\n<p>Oph\u00e9lie Boucher, Universit\u00e9 du Qu\u00e9bec \u00e0 Montr\u00e9al<br><a href=\"https:\/\/projets.ex-situ.info\/etudesdulivre24\/livraison3\/liv3-oboucher\/\" data-type=\"link\" data-id=\"https:\/\/projets.ex-situ.info\/etudesdulivre24\/livraison3\/liv3-oboucher\/\">\u00ab Le roman par courriel: un genre en continuit\u00e9 avec le roman \u00e9pistolaire \u00bb<\/a><\/p>\n\n\n\n<p>Benjamin Arteau-Leclerc, Universit\u00e9 Laval<br><a href=\"https:\/\/projets.ex-situ.info\/etudesdulivre24\/livraison3\/liv3-barteauleclerc\/\" data-type=\"link\" data-id=\"https:\/\/projets.ex-situ.info\/etudesdulivre24\/livraison3\/liv3-barteauleclerc\/\">\u00ab S&rsquo;isoler pour \u00ab\u00a0mieux\u00a0\u00bb jouer : les fanfictions co\u00e9crites avec une intelligence artificielle sur AI Dungeon \u00bb<\/a><\/p>\n\n\n\n<p><\/p>\n\n\n\n<hr class=\"wp-block-separator has-alpha-channel-opacity\" \/>\n\n\n\n<h3 class=\"wp-block-heading\"><strong>Pr\u00e9sentation<\/strong><\/h3>\n\n\n\n<p>Le domaine de recherche li\u00e9 \u00e0 l\u2019histoire du livre a depuis longtemps d\u00e9montr\u00e9 la richesse de ses perspectives crois\u00e9es, pla\u00e7ant le livre comme un objet d\u2019\u00e9tude au c\u0153ur de regards interdisciplinaires indispensables \u00e0 une saisie complexe de sa nature, de ses fonctions et de sa circulation. Le d\u00e9ploiement, au tournant du XXI<sup>e<\/sup> si\u00e8cle, de pratiques et de formes compl\u00e9mentaires \u2013 livre num\u00e9rique, diffusion par les r\u00e9seaux sociaux, revalorisation de la mat\u00e9rialit\u00e9, insistance sur des formes \u00e9ditoriales artisanales, etc. \u2013 confirme l\u2019actualit\u00e9 de cette discipline consacr\u00e9e au livre, mais sous un angle qui permette d\u2019en capturer les manifestations actuelles, au fil de leur apparition et de leur \u00e9volution. Les \u00e9tudes du livre au XXI<sup>e<\/sup> si\u00e8cle s\u2019imposent d\u00e8s lors suivant une n\u00e9cessaire perspective multifocale qui est l\u2019approche m\u00eame voulue pour la pr\u00e9sente manifestation.<\/p>\n\n\n\n<p>Alors que <a href=\"https:\/\/carnet.fabriquedunumerique.org\/evenements-archives\/etudes-du-livre-au-xxie-siecle\/\">la premi\u00e8re \u00e9dition du colloque<\/a> faisait la part belle aux modalit\u00e9s contextuelles du livre d\u2019aujourd\u2019hui, cette deuxi\u00e8me mouture propose de cadrer le regard sur ce qui le d\u00e9finit, comme objet et comme agent socio-institutionnel, dans un tissu culturel et politique en mouvance. Diff\u00e9rentes orientations ou pistes avaient \u00e9t\u00e9 soulev\u00e9es au moment de l\u2019appel lanc\u00e9 \u00e0 l\u2019automne dernier&nbsp;: les questions touchant aux po\u00e9tiques du support et \u00e0 diverses formes d\u2019inventivit\u00e9 mat\u00e9rielle&nbsp;; les m\u00e9diations et structures \u00e9ditoriales nouvelles&nbsp;; l\u2019\u00e9tude de la r\u00e9ception et des appropriations populaires&nbsp;; et les enjeux technologiques et juridiques de la circulation du livre. Cette large invitation visait \u00e0 rassembler une diversit\u00e9 de points de vue et de propositions favorables \u00e0 une meilleure saisie des singularit\u00e9s observables dans les pratiques et les questionnements li\u00e9s \u00e0 l\u2019actuel monde du livre.<\/p>\n\n\n\n<p>Au d\u00e9part des propositions qui nous ont \u00e9t\u00e9 envoy\u00e9es, trois livraisons ont \u00e9t\u00e9 compos\u00e9es qui permettent d\u2019approfondir autant de sous-ensembles th\u00e9matiques vibrants dans les \u00e9tudes du livre au XXI<sup>e<\/sup> si\u00e8cle. Ceux-ci entrecroisent les axes que nous avions identifi\u00e9s, mettant en lumi\u00e8re de fa\u00e7on appliqu\u00e9e les enjeux pressentis, dans une vision ouverte et souvent transversale de ces pratiques. Ainsi, les communications de la premi\u00e8re livraison aborderont diff\u00e9rents r\u00e9investissements mat\u00e9riels de l\u2019objet-livre, qu\u2019elles situeront vis-\u00e0-vis des pratiques \u00e9ditoriales (\u00e9nonciation \u00e9ditoriale, pratiques artisanales, mus\u00e9o-litt\u00e9rature). La deuxi\u00e8me livraison rassemble des communications mettant l\u2019accent sur divers types de m\u00e9diation \u00e9ditoriale, tout en consid\u00e9rant conjointement la question des pratiques de lecture et des publics. Enfin, pendant la troisi\u00e8me semaine de mars, seront abord\u00e9es les modulations num\u00e9riques du livre au XXI<sup>e<\/sup> si\u00e8cle&nbsp;; le propos portera alors sur les formes et les dispositifs num\u00e9riques, tout en montrant comment ceux-ci sont \u00e9troitement li\u00e9s aux modalit\u00e9s de diffusion et de r\u00e9ception du livre et de la litt\u00e9rature en contexte contemporain.&nbsp;<\/p>\n\n\n\n<p class=\"has-text-align-center\">~&nbsp; ~&nbsp; ~<\/p>\n\n\n\n<p>Reprenant les grandes lignes du fonctionnement de la premi\u00e8re \u00e9dition du colloque, l\u2019\u00e9v\u00e9nement met ainsi en avant des recherches men\u00e9es par des \u00e9tudiant\u00b7es francophones de cycles sup\u00e9rieurs ou de jeunes docteur\u00b7es, qui contribuent \u00e0 alimenter et \u00e0 structurer ce champ disciplinaire naissant des \u00e9tudes du livre au XXI<sup>e<\/sup> si\u00e8cle. Pour contrer l\u2019\u00e9parpillement g\u00e9ographique des actrices et acteurs de ce champ, nous avons retenu la formule d\u2019un \u00e9v\u00e9nement long et asynchrone qui invite aux \u00e9changes et aux discussions. Le site Web de l\u2019\u00e9v\u00e9nement publie chaque jeudi du mois de mars de petits groupes de contributions scientifiques \u2013 des interventions br\u00e8ves sous des formes aussi diverses qu\u2019inventives : expos\u00e9 film\u00e9, court texte incluant des illustrations, pr\u00e9sentation num\u00e9rique narr\u00e9e, captation audio, etc. Chacune pourra \u00eatre comment\u00e9e afin de nourrir des \u00e9changes qui d\u00e9couleront de la probl\u00e9matique, \u00e0 la fa\u00e7on d\u2019un s\u00e9minaire. \u00c0 titre de cl\u00f4ture du colloque, un \u00e9v\u00e9nement-synth\u00e8se en direct r\u00e9unissant tous\u22c5tes les participant\u22c5es aura lieu le mercredi 27 mars 2024 et permettra de rassembler les lignes de force autant que les enjeux de ce secteur scientifique \u00e9mergent, de m\u00eame que d\u2019en identifier les d\u00e9fis et les probl\u00e9matiques encore \u00e0 d\u00e9blayer.<\/p>\n","protected":false},"excerpt":{"rendered":"<p>Un colloque pour les jeunes chercheur\u00b7e\u00b7s R\u00e9it\u00e9rant une formule men\u00e9e enti\u00e8rement \u00e0 distance pour rassembler diff\u00e9rents secteurs de recherche investis par de jeunes chercheur\u00b7ses, la deuxi\u00e8me \u00e9dition de la manifestation scientifique \u00ab&nbsp;\u00c9tudes du livre au XXIe&nbsp;si\u00e8cle \u00bb vise \u00e0 mettre en valeur les chantiers de recherche en cours et \u00e0 mettre en lien les jeunes &#8230; <a title=\"Accueil\" class=\"read-more\" href=\"https:\/\/projets.ex-situ.info\/etudesdulivre24\/\" aria-label=\"En savoir plus sur Accueil\">Lire la suite<\/a><\/p>\n","protected":false},"author":3,"featured_media":0,"parent":0,"menu_order":0,"comment_status":"closed","ping_status":"closed","template":"","meta":{"footnotes":""},"class_list":["post-2","page","type-page","status-publish"],"_links":{"self":[{"href":"https:\/\/projets.ex-situ.info\/etudesdulivre24\/wp-json\/wp\/v2\/pages\/2","targetHints":{"allow":["GET"]}}],"collection":[{"href":"https:\/\/projets.ex-situ.info\/etudesdulivre24\/wp-json\/wp\/v2\/pages"}],"about":[{"href":"https:\/\/projets.ex-situ.info\/etudesdulivre24\/wp-json\/wp\/v2\/types\/page"}],"author":[{"embeddable":true,"href":"https:\/\/projets.ex-situ.info\/etudesdulivre24\/wp-json\/wp\/v2\/users\/3"}],"replies":[{"embeddable":true,"href":"https:\/\/projets.ex-situ.info\/etudesdulivre24\/wp-json\/wp\/v2\/comments?post=2"}],"version-history":[{"count":20,"href":"https:\/\/projets.ex-situ.info\/etudesdulivre24\/wp-json\/wp\/v2\/pages\/2\/revisions"}],"predecessor-version":[{"id":183,"href":"https:\/\/projets.ex-situ.info\/etudesdulivre24\/wp-json\/wp\/v2\/pages\/2\/revisions\/183"}],"wp:attachment":[{"href":"https:\/\/projets.ex-situ.info\/etudesdulivre24\/wp-json\/wp\/v2\/media?parent=2"}],"curies":[{"name":"wp","href":"https:\/\/api.w.org\/{rel}","templated":true}]}}