{"id":380,"date":"2021-05-03T09:42:28","date_gmt":"2021-05-03T13:42:28","guid":{"rendered":"https:\/\/projets.ex-situ.info\/etudesdulivre21\/?page_id=380"},"modified":"2021-07-14T11:22:16","modified_gmt":"2021-07-14T15:22:16","slug":"lescouet","status":"publish","type":"page","link":"https:\/\/projets.ex-situ.info\/etudesdulivre21\/liv5\/lescouet\/","title":{"rendered":"Emmanuelle Lescou\u00ebt, \u00ab La notifiction : ancrer le livre dans le quotidien \u00bb"},"content":{"rendered":"\n<div class=\"wp-block-columns is-layout-flex wp-container-core-columns-is-layout-28f84493 wp-block-columns-is-layout-flex\">\n<div class=\"wp-block-column is-layout-flow wp-block-column-is-layout-flow\" style=\"flex-basis:66.66%\">\n<figure class=\"wp-block-video\"><video controls src=\"https:\/\/projets.ex-situ.info\/etudesdulivre21\/wp-content\/uploads\/sites\/4\/Lescou\u00ebt.mp4\"><\/video><\/figure>\n<\/div>\n\n\n\n<div class=\"wp-block-column is-layout-flow wp-block-column-is-layout-flow\" style=\"flex-basis:33.33%\">\n<h3 class=\"wp-block-heading\">Emmanuelle Lescouet<\/h3>\n\n\n\n<div class=\"wp-block-image\"><figure class=\"alignright size-large\"><img loading=\"lazy\" decoding=\"async\" width=\"200\" height=\"200\" src=\"https:\/\/projets.ex-situ.info\/etudesdulivre21\/wp-content\/uploads\/sites\/4\/2021\/05\/LESCOUET.jpg\" alt=\"\" class=\"wp-image-382\" srcset=\"https:\/\/projets.ex-situ.info\/etudesdulivre21\/wp-content\/uploads\/sites\/4\/2021\/05\/LESCOUET.jpg 200w, https:\/\/projets.ex-situ.info\/etudesdulivre21\/wp-content\/uploads\/sites\/4\/2021\/05\/LESCOUET-150x150.jpg 150w\" sizes=\"auto, (max-width: 200px) 100vw, 200px\" \/><\/figure><\/div>\n\n\n\n<p class=\"bio\">Emmanuelle Lescou\u00ebt est doctorante en litt\u00e9ratures de langue fran\u00e7aise \u00e0 l\u2019Universit\u00e9 de Montr\u00e9al, \u00e0 la <a href=\"https:\/\/ecrituresnumeriques.ca\/fr\/\" target=\"_blank\" rel=\"noreferrer noopener\">Chaire de recherche du Canada sur les \u00e9critures num\u00e9riques<\/a>, apr\u00e8s des \u00e9tudes d\u2019\u00e9dition, de m\u00e9diation litt\u00e9raire et d\u2019impression.<\/p>\n\n\n\n<p class=\"bio\">Son projet de th\u00e8se s\u2019int\u00e9resse aux gestes de lecture en environnement num\u00e9rique et comment ceux-ci cr\u00e9ent des parcours de lecture, sous la direction de Marcello Vitali-Rosati. Elle coordonne le projet R\u00e9pertoire des \u00e9crivain.e.s num\u00e9riques. Comme \u00e9ditrice pour les <a href=\"https:\/\/www.lespressesdelecureuil.net\/\" target=\"_blank\" rel=\"noreferrer noopener\">Presses de l\u2019\u00c9cureuil<\/a>, elle travaille sur des projets d\u2019\u00e9dition savante, en num\u00e9rique et papier. Elle participe \u00e0 des \u00e9v\u00e9nements litt\u00e9raires, des \u00e9missions de radio et diverses actions de m\u00e9diation.<\/p>\n<\/div>\n<\/div>\n\n\n\n<p>Vous avez aim\u00e9 cette communication scientifique? D\u00e9couvrez les autres de cette <a href=\"https:\/\/projets.ex-situ.info\/etudesdulivre21\/liv5\/\" target=\"_blank\" rel=\"noreferrer noopener\">cinqui\u00e8me livraison<\/a>.<\/p>\n","protected":false},"excerpt":{"rendered":"<p>Emmanuelle Lescouet Emmanuelle Lescou\u00ebt est doctorante en litt\u00e9ratures de langue fran\u00e7aise \u00e0 l\u2019Universit\u00e9 de Montr\u00e9al, \u00e0 la Chaire de recherche du Canada sur les \u00e9critures num\u00e9riques, apr\u00e8s des \u00e9tudes d\u2019\u00e9dition, de m\u00e9diation litt\u00e9raire et d\u2019impression. Son projet de th\u00e8se s\u2019int\u00e9resse aux gestes de lecture en environnement num\u00e9rique et comment ceux-ci cr\u00e9ent des parcours de lecture, &#8230; <a title=\"Emmanuelle Lescou\u00ebt, \u00ab La notifiction : ancrer le livre dans le quotidien \u00bb\" class=\"read-more\" href=\"https:\/\/projets.ex-situ.info\/etudesdulivre21\/liv5\/lescouet\/\" aria-label=\"En savoir plus sur Emmanuelle Lescou\u00ebt, \u00ab La notifiction : ancrer le livre dans le quotidien \u00bb\">Lire la suite<\/a><\/p>\n","protected":false},"author":2,"featured_media":0,"parent":115,"menu_order":2,"comment_status":"closed","ping_status":"closed","template":"","meta":{"footnotes":""},"class_list":["post-380","page","type-page","status-publish"],"_links":{"self":[{"href":"https:\/\/projets.ex-situ.info\/etudesdulivre21\/wp-json\/wp\/v2\/pages\/380","targetHints":{"allow":["GET"]}}],"collection":[{"href":"https:\/\/projets.ex-situ.info\/etudesdulivre21\/wp-json\/wp\/v2\/pages"}],"about":[{"href":"https:\/\/projets.ex-situ.info\/etudesdulivre21\/wp-json\/wp\/v2\/types\/page"}],"author":[{"embeddable":true,"href":"https:\/\/projets.ex-situ.info\/etudesdulivre21\/wp-json\/wp\/v2\/users\/2"}],"replies":[{"embeddable":true,"href":"https:\/\/projets.ex-situ.info\/etudesdulivre21\/wp-json\/wp\/v2\/comments?post=380"}],"version-history":[{"count":8,"href":"https:\/\/projets.ex-situ.info\/etudesdulivre21\/wp-json\/wp\/v2\/pages\/380\/revisions"}],"predecessor-version":[{"id":487,"href":"https:\/\/projets.ex-situ.info\/etudesdulivre21\/wp-json\/wp\/v2\/pages\/380\/revisions\/487"}],"up":[{"embeddable":true,"href":"https:\/\/projets.ex-situ.info\/etudesdulivre21\/wp-json\/wp\/v2\/pages\/115"}],"wp:attachment":[{"href":"https:\/\/projets.ex-situ.info\/etudesdulivre21\/wp-json\/wp\/v2\/media?parent=380"}],"curies":[{"name":"wp","href":"https:\/\/api.w.org\/{rel}","templated":true}]}}