{"id":291,"date":"2021-04-06T16:54:23","date_gmt":"2021-04-06T20:54:23","guid":{"rendered":"https:\/\/projets.ex-situ.info\/etudesdulivre21\/?page_id=291"},"modified":"2021-07-14T11:57:35","modified_gmt":"2021-07-14T15:57:35","slug":"bolduc","status":"publish","type":"page","link":"https:\/\/projets.ex-situ.info\/etudesdulivre21\/liv3\/bolduc\/","title":{"rendered":"Maxime Bolduc, \u00ab Entre image de marque et personnalit\u00e9 bien camp\u00e9e : l\u2019usage des r\u00e9seaux sociaux chez Marchand de feuilles et Bor\u00e9al \u00bb"},"content":{"rendered":"\n<div class=\"wp-block-columns is-layout-flex wp-container-core-columns-is-layout-28f84493 wp-block-columns-is-layout-flex\">\n<div class=\"wp-block-column is-layout-flow wp-block-column-is-layout-flow\" style=\"flex-basis:66.66%\">\n<figure class=\"wp-block-video\"><video controls src=\"https:\/\/projets.ex-situ.info\/etudesdulivre21\/wp-content\/uploads\/sites\/4\/Bolduc.mp4\"><\/video><\/figure>\n<\/div>\n\n\n\n<div class=\"wp-block-column is-layout-flow wp-block-column-is-layout-flow\" style=\"flex-basis:33.33%\">\n<h3 class=\"wp-block-heading\">Maxime Bolduc<\/h3>\n\n\n\n<div class=\"wp-block-image\"><figure class=\"alignright size-large is-resized\"><img loading=\"lazy\" decoding=\"async\" src=\"https:\/\/projets.ex-situ.info\/etudesdulivre21\/wp-content\/uploads\/sites\/4\/2021\/04\/Bolduc-photo-1024x1024.jpg\" alt=\"Maxime Bolduc\" class=\"wp-image-292\" width=\"200\" height=\"200\" srcset=\"https:\/\/projets.ex-situ.info\/etudesdulivre21\/wp-content\/uploads\/sites\/4\/2021\/04\/Bolduc-photo-1024x1024.jpg 1024w, https:\/\/projets.ex-situ.info\/etudesdulivre21\/wp-content\/uploads\/sites\/4\/2021\/04\/Bolduc-photo-300x300.jpg 300w, https:\/\/projets.ex-situ.info\/etudesdulivre21\/wp-content\/uploads\/sites\/4\/2021\/04\/Bolduc-photo-150x150.jpg 150w, https:\/\/projets.ex-situ.info\/etudesdulivre21\/wp-content\/uploads\/sites\/4\/2021\/04\/Bolduc-photo-768x768.jpg 768w, https:\/\/projets.ex-situ.info\/etudesdulivre21\/wp-content\/uploads\/sites\/4\/2021\/04\/Bolduc-photo-1536x1536.jpg 1536w, https:\/\/projets.ex-situ.info\/etudesdulivre21\/wp-content\/uploads\/sites\/4\/2021\/04\/Bolduc-photo-2048x2048.jpg 2048w\" sizes=\"auto, (max-width: 200px) 100vw, 200px\" \/><\/figure><\/div>\n\n\n\n<p class=\"bio\">Maxime Bolduc est \u00e9tudiant \u00e0 la ma\u00eetrise en \u00e9tudes fran\u00e7aises \u00e0 l\u2019Universit\u00e9 de Sherbrooke.<\/p>\n\n\n\n<p class=\"bio\">Son m\u00e9moire, qu\u2019il r\u00e9alise sous la supervision de Marie-Pier Luneau, porte sur la posture des \u00ab\u00a0nouveaux\u00a0\u00bb \u00e9diteurs qu\u00e9b\u00e9cois. Il est \u00e9galement assistant de recherche au <a href=\"https:\/\/www.usherbrooke.ca\/grelq\/\" target=\"_blank\" rel=\"noreferrer noopener\">Groupe de recherches et d\u2019\u00e9tudes sur le livre au Qu\u00e9bec<\/a> (GR\u00c9LQ) et secr\u00e9taire adjoint de l\u2019<a href=\"https:\/\/www.aqei.etudedelimprime.com\/\" target=\"_blank\" rel=\"noreferrer noopener\">Association qu\u00e9b\u00e9coise pour l\u2019\u00e9tude de l\u2019imprim\u00e9 <\/a>(AQ\u00c9I).<\/p>\n<\/div>\n<\/div>\n\n\n\n<h3 class=\"wp-block-heading\">Pour en savoir plus<\/h3>\n\n\n\n<p><a href=\"https:\/\/www.marchanddefeuilles.com\/\" target=\"_blank\" rel=\"noreferrer noopener\">Marchand de feuilles<\/a><br><a href=\"https:\/\/www.editionsboreal.qc.ca\/\" target=\"_blank\" rel=\"noreferrer noopener\">\u00c9ditions du Bor\u00e9al<\/a><\/p>\n\n\n\n<p>Vous avez aim\u00e9 cette communication scientifique? D\u00e9couvrez les autres de cette <a href=\"https:\/\/projets.ex-situ.info\/etudesdulivre21\/liv3\/\">troisi\u00e8me livraison<\/a>.<\/p>\n","protected":false},"excerpt":{"rendered":"<p>Maxime Bolduc Maxime Bolduc est \u00e9tudiant \u00e0 la ma\u00eetrise en \u00e9tudes fran\u00e7aises \u00e0 l\u2019Universit\u00e9 de Sherbrooke. Son m\u00e9moire, qu\u2019il r\u00e9alise sous la supervision de Marie-Pier Luneau, porte sur la posture des \u00ab\u00a0nouveaux\u00a0\u00bb \u00e9diteurs qu\u00e9b\u00e9cois. Il est \u00e9galement assistant de recherche au Groupe de recherches et d\u2019\u00e9tudes sur le livre au Qu\u00e9bec (GR\u00c9LQ) et secr\u00e9taire adjoint &#8230; <a title=\"Maxime Bolduc, \u00ab Entre image de marque et personnalit\u00e9 bien camp\u00e9e : l\u2019usage des r\u00e9seaux sociaux chez Marchand de feuilles et Bor\u00e9al \u00bb\" class=\"read-more\" href=\"https:\/\/projets.ex-situ.info\/etudesdulivre21\/liv3\/bolduc\/\" aria-label=\"En savoir plus sur Maxime Bolduc, \u00ab Entre image de marque et personnalit\u00e9 bien camp\u00e9e : l\u2019usage des r\u00e9seaux sociaux chez Marchand de feuilles et Bor\u00e9al \u00bb\">Lire la suite<\/a><\/p>\n","protected":false},"author":2,"featured_media":0,"parent":106,"menu_order":1,"comment_status":"closed","ping_status":"closed","template":"","meta":{"footnotes":""},"class_list":["post-291","page","type-page","status-publish"],"_links":{"self":[{"href":"https:\/\/projets.ex-situ.info\/etudesdulivre21\/wp-json\/wp\/v2\/pages\/291","targetHints":{"allow":["GET"]}}],"collection":[{"href":"https:\/\/projets.ex-situ.info\/etudesdulivre21\/wp-json\/wp\/v2\/pages"}],"about":[{"href":"https:\/\/projets.ex-situ.info\/etudesdulivre21\/wp-json\/wp\/v2\/types\/page"}],"author":[{"embeddable":true,"href":"https:\/\/projets.ex-situ.info\/etudesdulivre21\/wp-json\/wp\/v2\/users\/2"}],"replies":[{"embeddable":true,"href":"https:\/\/projets.ex-situ.info\/etudesdulivre21\/wp-json\/wp\/v2\/comments?post=291"}],"version-history":[{"count":4,"href":"https:\/\/projets.ex-situ.info\/etudesdulivre21\/wp-json\/wp\/v2\/pages\/291\/revisions"}],"predecessor-version":[{"id":501,"href":"https:\/\/projets.ex-situ.info\/etudesdulivre21\/wp-json\/wp\/v2\/pages\/291\/revisions\/501"}],"up":[{"embeddable":true,"href":"https:\/\/projets.ex-situ.info\/etudesdulivre21\/wp-json\/wp\/v2\/pages\/106"}],"wp:attachment":[{"href":"https:\/\/projets.ex-situ.info\/etudesdulivre21\/wp-json\/wp\/v2\/media?parent=291"}],"curies":[{"name":"wp","href":"https:\/\/api.w.org\/{rel}","templated":true}]}}